{"id":2729,"date":"2022-02-03T17:14:43","date_gmt":"2022-02-03T16:14:43","guid":{"rendered":"https:\/\/re-shirt.com\/?page_id=2729"},"modified":"2024-04-04T15:53:08","modified_gmt":"2024-04-04T13:53:08","slug":"privacy-policy","status":"publish","type":"page","link":"https:\/\/re-shirt.com\/en\/privacy-policy\/","title":{"rendered":"Privacy Policy"},"content":{"rendered":"\n<p>Our Privacy policy is only available in German right now. Please get in touch with us through <a href=\"mailto:info@re-shirt.com\">info@re-shirt.com<\/a> if we can help you with further, or english information.<br><br>Wir f\u00fchren unsere Webseiten nach den im Folgenden geregelten Grunds\u00e4tzen: Wir verpflichten uns, die gesetzlichen Bestimmungen zum Datenschutz einzuhalten und bem\u00fchen uns, stets die Grunds\u00e4tze der Datenvermeidung und der Datenminimierung zu ber\u00fccksichtigen.<\/p>\n\n\n\n<h3 class=\"wp-block-heading\" id=\"1-name-und-anschrift-des-verantwortlichen\">1. Name und Anschrift des Verantwortlichen <\/h3>\n\n\n\n<p>Der Verantwortliche im Sinne der Datenschutz-Grundverordnung und anderer nationaler Datenschutzgesetze der Mitgliedsstaaten der Europ\u00e4ischen Union sowie sonstiger datenschutzrechtlicher Bestimmungen ist:<\/p>\n\n\n\n<p>RE-SHIRT GbR<br>Jutastra\u00dfe 4<br>80636 M\u00fcnchen<br>Tel: +49 177 571 2616<br>E-Mail:\u00a0<a href=\"mailto:kontakt@recup.de\">info@re-shirt.com<\/a><br><a href=\"https:\/\/re-shirt.com\">https:\/\/re-shirt.com<\/a><\/p>\n\n\n\n<h3 class=\"wp-block-heading\" id=\"2-begriffserklarungen\">2. Begriffserkl\u00e4rungen<\/h3>\n\n\n\n<p>Wir haben unsere Datenschutzerkl\u00e4rung nach den Grunds\u00e4tzen der Klarheit und Transparenz gestaltet. Sollten dennoch Unklarheiten in Bezug auf die Verwendung von verschiedenen Begrifflichkeiten bestehen, k\u00f6nnen die entsprechenden Definitionen&nbsp;<a href=\"https:\/\/dsgvo-gesetz.de\/art-4-dsgvo\/\">hier<\/a>&nbsp;eingesehen werden.<br><\/p>\n\n\n\n<h3 class=\"wp-block-heading\" id=\"3-rechtsgrundlage-fur-die-verarbeitung-von-personenbezogenen-daten\">3. Rechtsgrundlage f\u00fcr die Verarbeitung von personenbezogenen Daten<\/h3>\n\n\n\n<p>Wir verarbeiten Ihre personenbezogenen Daten wie bspw. Ihren Namen und Vornamen, Ihre E-Mail-Adresse und IP-Adresse usw. nur, wenn hierf\u00fcr eine gesetzliche Grundlage gegeben ist. Hier kommen nach der Datenschutzgrundverordnung insbesondere folgende Regelungen in Betracht:<\/p>\n\n\n\n<ul class=\"wp-block-list\">\n<li>Art. 6 Abs. 1 S. 1 lit. a DSGVO: Die betroffene Person hat ihre Einwilligung zu der Verarbeitung der sie betreffenden personenbezogenen Daten f\u00fcr einen oder mehrere bestimmte Zwecke gegeben.<\/li>\n\n\n\n<li>Art. 6 Abs. 1 S. 1 lit. b DSGVO: Die Verarbeitung ist f\u00fcr die Erf\u00fcllung eines Vertrags, dessen Vertragspartei die betroffene Person ist, oder zur Durchf\u00fchrung vorvertraglicher Ma\u00dfnahmen erforderlich, die auf Anfrage der betroffenen Person erfolgen.<\/li>\n\n\n\n<li>Art. 6 Abs. 1 S. 1 lit. c DSGVO: Die Verarbeitung ist zur Erf\u00fcllung einer rechtlichen Verpflichtung erforderlich, der der Verantwortliche unterliegt<\/li>\n\n\n\n<li>Art. 6 Abs. 1 S. 1 lit. d DSGVO: Die Verarbeitung ist erforderlich, um lebenswichtige Interessen der betroffenen Person oder einer anderen nat\u00fcrlichen Person zu sch\u00fctzen<\/li>\n\n\n\n<li>Art. 6 Abs. 1 S. 1 lit. e DSGVO: die Verarbeitung ist f\u00fcr die Wahrnehmung einer Aufgabe erforderlich, die im \u00f6ffentlichen Interesse liegt oder in Aus\u00fcbung \u00f6ffentlicher Gewalt erfolgt, die dem Verantwortlichen \u00fcbertragen wurde<\/li>\n\n\n\n<li>Art. 6 Abs. 1 S. 1 lit. f DSGVO: die Verarbeitung ist zur Wahrung der berechtigten Interessen des Verantwortlichen oder eines Dritten erforderlich, sofern nicht die Interessen oder Grundrechte und Grundfreiheiten der betroffenen Person, die den Schutz personenbezogener Daten erfordern, \u00fcberwiegen, insbesondere dann, wenn es sich bei der betroffenen Person um ein Kind handelt<\/li>\n<\/ul>\n\n\n\n<p>Wir weisen Sie aber an den jeweiligen Stellen dieser Datenschutzerkl\u00e4rung immer noch einmal darauf hin, auf welcher Rechtsgrundlage die Verarbeitung Ihrer personenbezogenen Daten erfolgt.<\/p>\n\n\n\n<h3 class=\"wp-block-heading\" id=\"4-weitergabe-der-personenbezogenen-daten\">4. Weitergabe der personenbezogenen Daten<\/h3>\n\n\n\n<p>Auch bei der Weitergabe von personenbezogenen Daten handelt es sich um eine Verarbeitung im Sinne der vorangegangenen Ziffer 3. Wir wollen Sie an dieser Stelle jedoch nochmal gesondert \u00fcber das Thema der Weitergabe an Dritte informieren. Der Schutz Ihrer personenbezogenen Daten liegt uns sehr am Herzen. Aus diesem Grund sind wir besonders vorsichtig, wenn es darum geht Ihre Daten an Dritte weiterzugeben.<\/p>\n\n\n\n<p>Eine Weitergabe an Dritte erfolgt daher nur, wenn eine Rechtsgrundlage f\u00fcr die Verarbeitung gegeben ist. Beispielsweise geben wir personenbezogene Daten an Personen oder Unternehmen weiter, die f\u00fcr uns als Auftragsverarbeiter gem\u00e4\u00df Art. 28 DSGVO t\u00e4tig sind. Auftragsverarbeiter ist jeder, der in unserem Auftrag f\u00fcr uns \u2013 also insbesondere in einem Weisungs- und Kontrollverh\u00e4ltnis zu uns \u2013 personenbezogene Daten verarbeitet<\/p>\n\n\n\n<p>Entsprechend den Vorgaben der DSGVO schlie\u00dfen wir mit jedem unserer Auftragsverarbeiter einen Vertrag, um diesen auf die Einhaltung datenschutzrechtlicher Vorschriften zu verpflichten und Ihren Daten somit umfassenden Schutz zu gew\u00e4hren.<\/p>\n\n\n\n<h3 class=\"wp-block-heading\" id=\"5-speicherdauer-und-loschung\">5. Speicherdauer und L\u00f6schung<\/h3>\n\n\n\n<p>Wir speichern alle personenbezogenen Daten, die Sie uns \u00fcbermitteln, nur so lange, wie sie ben\u00f6tigt werden, um die Zwecke zu erf\u00fcllen, zu denen diese Daten \u00fcbermittelt wurden, oder solange dies von Gesetzes wegen vorgeschrieben ist. Mit Zweckerf\u00fcllung und\/oder Ablauf der gesetzlichen Speicherungsfristen werden die Daten von uns gel\u00f6scht oder gesperrt.<\/p>\n\n\n\n<h3 class=\"wp-block-heading\" id=\"6-ssl-verschlusselung\">6. SSL-Verschl\u00fcsselung<\/h3>\n\n\n\n<p>Diese Webseite nutzt aus Gr\u00fcnden der Sicherheit und zum Schutz der \u00dcbertragung vertraulicher Inhalte, wie z.B. der Anfragen, die Sie an uns als Webseitenbetreiber senden, eine SSL-Verschl\u00fcsselung. Eine verschl\u00fcsselte Verbindung erkennen Sie daran, dass die Adresszeile des Browsers von&nbsp;<code>http:\/\/<\/code>&nbsp;auf&nbsp;<code>https:\/\/<\/code>&nbsp;wechselt und an dem Schloss-Symbol in Ihrer Browserzeile.<\/p>\n\n\n\n<p>Wenn die SSL-Verschl\u00fcsselung aktiviert ist, k\u00f6nnen die Daten, die Sie an uns \u00fcbermitteln, nicht von Dritten mitgelesen werden.<br><\/p>\n\n\n\n<h3 class=\"wp-block-heading\" id=\"7-erhebung-und-speicherung-von-personenbezogenen-daten-sowie-deren-art-und-zweck-der-verwendung\">7. Erhebung und Speicherung von personenbezogenen Daten sowie deren Art und Zweck der Verwendung<\/h3>\n\n\n\n<h4 class=\"wp-block-heading\" id=\"a-beim-besuch-der-webseite\">a) Beim Besuch der Webseite<\/h4>\n\n\n\n<p>Beim Aufrufen unserer Webseite werden durch den auf Ihrem Endger\u00e4t zum Einsatz kommenden Browser automatisch Informationen an den Server unserer Webseite gesendet. Diese Informationen werden tempor\u00e4r in einem sogenannten Logfile gespeichert. Folgende Informationen werden dabei ohne Ihr Zutun erfasst und bis zur automatisierten L\u00f6schung gespeichert:<\/p>\n\n\n\n<ul class=\"wp-block-list\">\n<li>IP-Adresse des anfragenden Rechners<\/li>\n\n\n\n<li>Datum und Uhrzeit des Zugriffs<\/li>\n\n\n\n<li>Name und URL der abgerufenen Datei<\/li>\n\n\n\n<li>Webseite, von der aus der Zugriff erfolgt (Referrer-URL)<\/li>\n\n\n\n<li>verwendeter Browser und ggf. das Betriebssystem Ihres Rechners sowie der Name Ihres Access-Providers<\/li>\n<\/ul>\n\n\n\n<p>Die genannten Daten werden durch uns zu folgenden Zwecken verarbeitet:<\/p>\n\n\n\n<ul class=\"wp-block-list\">\n<li>Auswertung der Systemsicherheit und -stabilit\u00e4t<\/li>\n\n\n\n<li>Fehleranalyse<\/li>\n<\/ul>\n\n\n\n<p>Daten, die einen R\u00fcckschluss auf Ihre Person zulassen, wie bspw. die IP-Adresse, werden sp\u00e4testens nach 7 Tagen gel\u00f6scht. Sollten wir die Daten \u00fcber diesen Zeitraum hinaus speichern, werden diese Daten pseudonymisiert, so dass eine Zuordnung zu Ihnen nicht mehr m\u00f6glich ist.<\/p>\n\n\n\n<p>Die Rechtsgrundlage f\u00fcr die Datenverarbeitung ist Art. 6 Abs. 1 S. 1 lit. f DSGVO. Unser berechtigtes Interesse folgt aus oben aufgelisteten Zwecken zur Datenerhebung. In keinem Fall verwenden wir die erhobenen Daten zu dem Zweck, R\u00fcckschl\u00fcsse auf Ihre Person zu ziehen.<\/p>\n\n\n\n<h4 class=\"wp-block-heading\" id=\"b-kontaktformular-e-mail-kontakt\">b) Kontaktformular \/ E-Mail-Kontakt<\/h4>\n\n\n\n<p>Wir stellen Ihnen auf unserer Webseite ein Formular zur Verf\u00fcgung, so dass Sie die M\u00f6glichkeit haben, jederzeit Kontakt mit uns aufzunehmen. F\u00fcr die Verwendung des Kontaktformulars ist die Angabe eines Namens f\u00fcr eine pers\u00f6nliche Anrede und einer g\u00fcltigen E-Mail-Adresse zur Kontaktaufnahme notwendig, damit wir wissen, von wem die Anfrage stammt und diese auch bearbeiten k\u00f6nnen.<\/p>\n\n\n\n<p>Wenn Sie uns per Kontaktformular Anfragen zukommen lassen, werden Ihre Angaben aus dem Anfrageformular inklusive der von Ihnen dort angegebenen Kontaktdaten sowie Ihre IP-Adresse gem. Art. 6 Abs. 1 S. 1 lit. b und f DSGVO zur Durchf\u00fchrung vorvertraglicher Ma\u00dfnahmen, die auf Ihre Anfrage hin erfolgen bzw. zur Wahrnehmung unseres berechtigten Interesses, n\u00e4mlich zur Aus\u00fcbung unserer gesch\u00e4ftlichen T\u00e4tigkeit verarbeitet.<\/p>\n\n\n\n<p>Gerne k\u00f6nnen Sie uns auch stattdessen eine E-Mail unter Verwendung der auf unserer Webseite angegebenen E-Mail-Adresse zusenden. Wir speichern und verarbeiten in diesem Fall Ihre E-Mail-Adresse sowie die von Ihnen im Rahmen der E-Mail gemachten Angaben gem\u00e4\u00df Art. 6 Abs. 1 S. 1 lit. b und f DSGVO zur Bearbeitung Ihrer Nachricht.<\/p>\n\n\n\n<p>Die Anfragen sowie die damit einhergehenden Daten werden sp\u00e4testens 3 Monate nach Erhalt gel\u00f6scht, sofern diese nicht f\u00fcr eine weitere vertragliche Beziehung ben\u00f6tigt werden.<\/p>\n\n\n\n<h4 class=\"wp-block-heading\" id=\"c-google-fonts\">c) Google Fonts<\/h4>\n\n\n\n<p>Auf unseren Internetseiten verwenden wir Google Fonts. Hierdurch wir die Darstellung von Schriften erm\u00f6glicht. Google Fonts ist ein Dienst der Google LLC (1600 Amphitheatre Parkway, Mountain View, California, 94043). Die Einbindung dieser Web Fonts erfolgt durch einen Serveraufruf, in der Regel ein Server von Google in den USA. Hierdurch wird an den Server m\u00f6glicherweise folgendes \u00fcbermittelt und von Google gespeichert:<\/p>\n\n\n\n<ul class=\"wp-block-list\">\n<li>Name und Version des verwendeten Browsers<\/li>\n\n\n\n<li>Webseite, von der die Anfrage ausgel\u00f6st wurde (Referrer-URL)<\/li>\n\n\n\n<li>Betriebssystem Ihres Rechners<\/li>\n\n\n\n<li>Bildschirmaufl\u00f6sung Ihres Rechners<\/li>\n\n\n\n<li>IP-Adresse anfragenden Rechners<\/li>\n\n\n\n<li>Spracheinstellungen des Browsers bzw. des Betriebssystems, das der User nutzt<\/li>\n<\/ul>\n\n\n\n<p>N\u00e4here Informationen finden Sie in den Datenschutzhinweisen von Google, die Sie hier abrufen k\u00f6nnen:<\/p>\n\n\n\n<ul class=\"wp-block-list\">\n<li><a href=\"https:\/\/partner.recup.de\/www.google.com\/fonts#AboutPlace:about\">google.com\/fonts#AboutPlace:about<\/a><\/li>\n\n\n\n<li><a href=\"https:\/\/partner.recup.de\/www.google.com\/policies\/privacy\/\">google.com\/policies\/privacy\/<\/a><\/li>\n<\/ul>\n\n\n\n<p>Der Einsatz von Google Fonts dient dazu, Ihnen das Lesen unserer Webseite zu vereinfach und grafisch angenehmer zu gestalten und erfolgt somit auf Grundlage unserer berechtigten Interessen gem. Art. 6 Abs. 1 S. 1 lit. f DSGVO.<\/p>\n\n\n\n<h4 class=\"wp-block-heading\" id=\"d-verwendung-von-google-maps\">d) Verwendung von Google Maps<\/h4>\n\n\n\n<p>Unsere Webseite verwendet die Google Maps API. Durch die Nutzung von Google Maps k\u00f6nnen Informationen \u00fcber Ihre Benutzung dieser Webseite (einschlie\u00dflich Ihrer IP-Adresse) an einen Server von Google (Google LLC, 1600 Amphitheatre Parkway, Mountain View, California, 94043) in den USA \u00fcbertragen und dort gespeichert werden.<\/p>\n\n\n\n<p>Google wird die durch Maps gewonnenen Informationen gegebenenfalls an Dritte \u00fcbertragen, sofern dies gesetzlich vorgeschrieben ist oder soweit Dritte diese Daten im Auftrag von Google verarbeiten. Ihre IP-Adresse wird aber auf keinen Fall mit anderen Daten von Google in Verbindung gebracht. Dennoch m\u00fcssen wir Sie darauf hinweisen, dass es technisch durchaus m\u00f6glich w\u00e4re, dass Google einzelne Nutzer auf Grund der erhaltenen Daten identifizieren k\u00f6nnte.<\/p>\n\n\n\n<p>Wir haben keinen Einfluss darauf, ob Ihre personenbezogenen Daten und Pers\u00f6nlichkeitsprofile von Google f\u00fcr andere Zwecke verarbeitet werden. Wenn Sie dies auf jeden Fall vermeiden wollen, dann k\u00f6nnen Sie den Service von Google Maps deaktivieren und somit den Datentransfer zu Google unterbinden. Hierzu m\u00fcssen Sie lediglich JavaScript in Ihrem Browser deaktivieren. In diesem Fall werden keine Daten \u00fcbertragen, Sie k\u00f6nnen aber die Kartenanzeige auf unserer Webseite auch nicht mehr nutzen. Die Google-Datenschutzerkl\u00e4rung finden Sie&nbsp;<a href=\"https:\/\/www.google.com\/policies\/privacy\/?hl=de\">hier<\/a>.<\/p>\n\n\n\n<p>Der Einsatz von Google Maps stellt einen Service f\u00fcr Sie dar, damit Sie unseren Standort genau erkennen und ggfs. Ihren Besuch bei uns besser planen k\u00f6nnen. Die Verwendung von Google Maps erfolgt somit auf Grundlage unserer berechtigten Interessen gem. Art. 6 Abs. 1 S. 1 lit. f DSGVO.<\/p>\n\n\n\n<h3 class=\"wp-block-heading\" id=\"8-cookies\">8. Cookies<\/h3>\n\n\n\n<p>Auf unserer Webseite setzen wir Cookies ein. Cookies sind kleine Datenpakete, die Ihr Browser automatisch erstellt und die auf Ihrem Endger\u00e4t gespeichert werden, wenn Sie unsere Webseite besuchen. Diese Cookies dienen dazu, Informationen im Zusammenhang mit dem jeweils eingesetzten Endger\u00e4t abzulegen. Eine pers\u00f6nliche Identifikation Ihrer Person ist aber durch die Cookies nicht m\u00f6glich.<\/p>\n\n\n\n<p>Die durch Cookies verarbeiteten Daten sind f\u00fcr die genannten Zwecke zur Wahrung unserer berechtigten Interessen sowie der Dritter nach Art. 6 Abs. 1 S. 1 lit. f DSGVO erforderlich.<\/p>\n\n\n\n<p>Die meisten Browser akzeptieren Cookies auf Grund der Browser-Voreinstellung automatisch. Sie k\u00f6nnen Ihren Browser jedoch so konfigurieren, dass entweder gar keine Cookies auf Ihrem Endger\u00e4t gespeichert werden oder aber zumindest ein Hinweis angezeigt wird, bevor ein neuer Cookie gespeichert wird. Wenn Sie die Cookie-Funktion in Ihrem Browser vollst\u00e4ndig deaktivieren, kann es sein, dass Sie nicht alle Funktionen unserer Webseite nutzen k\u00f6nnen.<\/p>\n\n\n\n<p>Nachfolgend erl\u00e4utern wir Ihnen die verschiedenen Arten von Cookies, die wir einsetzen.<\/p>\n\n\n\n<h4 class=\"wp-block-heading\" id=\"a-session-cookies\">a) Session-Cookies<\/h4>\n\n\n\n<p>Um Ihnen die Nutzung unseres Angebots angenehmer zu gestalten, setzen wir sogenannte Session-Cookies ein, um zu erkennen, dass Sie einzelne Seiten unserer Webseite bereits besucht haben. Diese Session Cookies werden nach Verlassen unserer Seite automatisch gel\u00f6scht.<\/p>\n\n\n\n<h4 class=\"wp-block-heading\" id=\"b-temporare-cookies\">b) Tempor\u00e4re Cookies<\/h4>\n\n\n\n<p>Wir setzen ebenfalls Cookies ein, die es uns erlauben, Sie wiederzuerkennen, wenn Sie unsere Webseite erneut besuchen und unsere Dienste in Anspruch nehmen. So m\u00fcssen Sie Ihre Eingaben und Einstellungen, die Sie das letzte Mal get\u00e4tigt haben, nicht erneut vornehmen.<\/p>\n\n\n\n<p>Diese tempor\u00e4ren Cookies werden f\u00fcr einen bestimmten festgelegten Zeitraum auf Ihrem Endger\u00e4t gespeichert.<\/p>\n\n\n\n<h4 class=\"wp-block-heading\" id=\"c-cookies-zu-marketing-und-optimierungszwecken\">c) Cookies zu Marketing- und Optimierungszwecken<\/h4>\n\n\n\n<p>Schlie\u00dflich setzen wir auch Cookies zu Marketing- und Optimierungszwecken ein. Diese erfassen die Nutzung unserer Webseite statistisch und werden zum Zwecke der Optimierung des Angebots f\u00fcr Sie ausgewertet. Die Cookies erm\u00f6glichen die Wiedererkennung Ihres Internetbrowsers, wenn Sie unsere Webseite erneut besuchen.<\/p>\n\n\n\n<p>Diese Cookies werden nach einer jeweils definierten Zeit automatisch gel\u00f6scht.<\/p>\n\n\n\n<h3 class=\"wp-block-heading\" id=\"9-analyse-und-trackingtools\">9. Analyse- und Trackingtools<\/h3>\n\n\n\n<p>Wir setzen auf unserer Webseite die nachfolgend aufgelisteten Analyse- und Trackingtools ein. Diese dienen dazu, die fortlaufende Optimierung unserer Webseite sicherzustellen und diese bedarfsgerecht zu gestalten. Diese Interessen sind als berechtigt im Sinne des Art. 6 Abs. 1 S. 1 lit. f DSGVO anzusehen. Die jeweiligen Datenverarbeitungszwecke und Datenkategorien sind aus den entsprechenden Tools zu entnehmen.<\/p>\n\n\n\n<h4 class=\"wp-block-heading\" id=\"a-google-analytics\">a) Google Analytics<\/h4>\n\n\n\n<p>Wir benutzen auf unserer Webseite Google Analytics, einen Webanalysedienst der&nbsp;<a href=\"https:\/\/www.google.de\/intl\/de\/about\/\">Google LLC<\/a>&nbsp;(1600 Amphitheatre Parkway, Mountain View, CA 94043, USA; im Folgenden \u201eGoogle\u201c).<\/p>\n\n\n\n<p>Google Analytics verwendet in diesem Zusammenhang Cookies (siehe Ziffer 8). Die durch das Cookie erzeugten Informationen \u00fcber Ihre Benutzung dieser Webseite wie<\/p>\n\n\n\n<ul class=\"wp-block-list\">\n<li>Name und Version des verwendeten Browsers<\/li>\n\n\n\n<li>Betriebssystem Ihres Rechners<\/li>\n\n\n\n<li>Webseite, von der aus der Zugriff erfolgt (Referrer-URL)<\/li>\n\n\n\n<li>IP-Adresse des anfragenden Rechners<\/li>\n\n\n\n<li>Uhrzeit der Serveranfrage<\/li>\n<\/ul>\n\n\n\n<p>werden in der Regel an einen Server von Google in den USA \u00fcbertragen und dort gespeichert.<\/p>\n\n\n\n<p>Da wir die IP-Anonymisierung auf unserer Webseite aktiviert haben, wird Ihre IP-Adresse von Google jedoch innerhalb von Mitgliedstaaten der Europ\u00e4ischen Union oder in anderen Vertragsstaaten des Abkommens \u00fcber den Europ\u00e4ischen Wirtschaftsraum zuvor gek\u00fcrzt. Nur in Ausnahmef\u00e4llen wird die volle IP-Adresse an einen Server von Google in den USA \u00fcbertragen und dort gek\u00fcrzt.<\/p>\n\n\n\n<p>In unserem Auftrag wird Google diese Informationen benutzen, um Ihre Nutzung unserer Webseite auszuwerten, um Reports \u00fcber die Webseiten-Aktivit\u00e4ten zusammenzustellen und um weitere mit der Webseiten-Nutzung und der Internetnutzung verbundene Dienstleistungen uns gegen\u00fcber zu erbringen. Die im Rahmen von Google Analytics von Ihrem Browser \u00fcbermittelte IP-Adresse wird nicht mit anderen Daten von Google zusammengef\u00fchrt.<\/p>\n\n\n\n<p>Sie k\u00f6nnen die Speicherung der Cookies durch eine entsprechende Einstellung Ihrer Browser-Software verhindern. Wir weisen Sie jedoch darauf hin, dass Sie in diesem Fall gegebenenfalls nicht s\u00e4mtliche Funktionen unserer Webseite vollumf\u00e4nglich werden nutzen k\u00f6nnen.<\/p>\n\n\n\n<p>Sie k\u00f6nnen dar\u00fcber hinaus die Erfassung der durch das Cookie erzeugten und auf Ihre Nutzung der Webseite bezogenen Daten (inkl. Ihrer IP-Adresse) an Google sowie die Verarbeitung dieser Daten durch Google verhindern, indem Sie das unter dem folgenden Link verf\u00fcgbare Browser-Plugin herunterladen und installieren:&nbsp;<a href=\"http:\/\/tools.google.com\/dlpage\/gaoptout?hl=de\">tools.google.com\/dlpage\/gaoptout?hl=de<\/a><\/p>\n\n\n\n<p>Sie k\u00f6nnen die Erfassung Ihrer Daten durch Google Analytics verhindern, indem Sie auf folgenden Link klicken. Es wird ein Opt-Out-Cookie gesetzt, das die Erfassung Ihrer Daten bei zuk\u00fcnftigen Besuchen unserer Webseite verhindert:<a>GOOGLE ANALYTICS DEAKTIVIEREN<\/a><\/p>\n\n\n\n<h4 class=\"wp-block-heading\" id=\"b-facebook-conversion-pixel\">b) Facebook Conversion Pixel<\/h4>\n\n\n\n<p>Wir setzen den \u201eConversion-Pixel\u201c bzw. Besucheraktions-Pixel der Facebook Inc. (1601 S. California Ave, Palo Alto, CA 94304, USA) ein. Durch den Aufruf dieses Pixels aus Ihrem Browser kann Facebook in der Folge erkennen, ob eine Facebook-Werbeanzeige erfolgreich war, also z. B. zu einem Online-Kaufabschluss gef\u00fchrt hat.<\/p>\n\n\n\n<p>Wir erhalten von Facebook hierzu ausschlie\u00dflich statistische Daten ohne Bezug zu einer konkreten Person. So k\u00f6nnen wir die Wirksamkeit der Facebook-Werbeanzeigen f\u00fcr statistische Zwecke und Marktforschungszwecke erfassen. Insbesondere falls Sie bei Facebook angemeldet sein, verweisen wir im \u00dcbrigen auf deren&nbsp;<a href=\"https:\/\/www.facebook.com\/about\/privacy\/\">Datenschutzinformationen<\/a>.<\/p>\n\n\n\n<p>Sie haben die M\u00f6glichkeit, auf Facebook unter&nbsp;<a href=\"https:\/\/www.facebook.com\/settings?tab=ads\">facebook.com\/settings?tab=ads<\/a>&nbsp;Ihre Einstellungen zu \u00e4ndern oder Sie k\u00f6nnen hier klicken, wenn Sie Ihre Einwilligung zum Conversion-Pixel widerrufen m\u00f6chten.<\/p>\n\n\n\n<h3 class=\"wp-block-heading\" id=\"10-social-media\">10. Social Media<\/h3>\n\n\n\n<p>Auf unserer Website haben wir Buttons f\u00fcr LinkedIn und Instagram eingef\u00fcgt, um Webseiten (z.&nbsp;B. \u201eGef\u00e4llt mir\u201d, \u201eAnheften\u201d) oder Teilen (z.&nbsp;B. \u201eTweet\u201d) in sozialen Netzwerken wie LinkedIn und Instagram zu unterst\u00fctzen. Diese Buttons verwenden einen Code, der jeweils von LinkedIn und Instagram selbst stammt. Dieser Code platziert Cookies. Diese Social-Media-Buttons k\u00f6nnen auch bestimmte Informationen speichern und verarbeiten, sodass dir eine personalisierte Werbung angezeigt werden kann. Die Rechtsgrundlage f\u00fcr den Einsatz der Social Media-Plugins ergibt sich aus Art. 6 Abs. 1 S. 1 lit. f DSGVO. Der dahinterstehende werbliche Zweck ist als berechtigtes Interesse im Sinne der DSGVO anzusehen. Die Verantwortung f\u00fcr den datenschutzkonformen Betrieb ist durch deren jeweiligen Anbieter zu gew\u00e4hrleisten.<\/p>\n\n\n\n<p>Bitte lies die Datenschutzerkl\u00e4rung dieser sozialen Netzwerke (die sich regelm\u00e4\u00dfig \u00e4ndern kann), um zu erfahren, wie sie mit deinen (pers\u00f6nlichen) Daten umgehen, die sie mithilfe dieser Cookies verarbeiten. Die abgerufenen Daten werden so weit wie m\u00f6glich anonymisiert. LinkedIn und auch Instagram hat seinen Sitz in den Vereinigten Staaten.<\/p>\n\n\n\n<h3 class=\"wp-block-heading\" id=\"12-rechte-des-betroffenen\">12. Rechte des Betroffenen<\/h3>\n\n\n\n<p>Ihnen stehen folgende Rechte zu:<\/p>\n\n\n\n<h4 class=\"wp-block-heading\" id=\"a-auskunft\">a) Auskunft<\/h4>\n\n\n\n<p>Sie haben gem\u00e4\u00df Art. 15 DSGVO das Recht, Auskunft \u00fcber Ihre von uns verarbeiteten personenbezogenen Daten zu verlangen. Dieses Auskunftsrecht umfasst dabei Informationen \u00fcber<\/p>\n\n\n\n<ul class=\"wp-block-list\">\n<li>die Verarbeitungszwecke<\/li>\n\n\n\n<li>die Kategorien der personenbezogenen Daten<\/li>\n\n\n\n<li>die Empf\u00e4nger oder Kategorien von Empf\u00e4ngern, gegen\u00fcber denen Ihre Daten offengelegt wurden oder werden<\/li>\n\n\n\n<li>die geplante Speicherdauer oder zumindest die Kriterien f\u00fcr die Festlegung der Speicherdauer<\/li>\n\n\n\n<li>das Bestehen eines Rechts auf Berichtigung, L\u00f6schung, Einschr\u00e4nkung der Verarbeitung oder Widerspruch<\/li>\n\n\n\n<li>das Bestehen eines Beschwerderechts bei einer Aufsichtsbeh\u00f6rde<\/li>\n\n\n\n<li>die Herkunft Ihrer personenbezogenen Daten, sofern diese nicht bei uns erhoben wurden<\/li>\n\n\n\n<li>das Bestehen einer automatisierten Entscheidungsfindung einschlie\u00dflich Profiling und ggf. aussagekr\u00e4ftigen Informationen zu deren Einzelheiten<\/li>\n<\/ul>\n\n\n\n<h4 class=\"wp-block-heading\" id=\"b-berichtigung\">b) Berichtigung<\/h4>\n\n\n\n<p>Ihnen steht nach Art. 16 DSGVO ein Recht auf unverz\u00fcgliche Berichtigung unrichtiger oder unvollst\u00e4ndiger gespeicherter personenbezogener Daten bei uns zu.<\/p>\n\n\n\n<h4 class=\"wp-block-heading\" id=\"c-loschung\">c) L\u00f6schung<\/h4>\n\n\n\n<p>Sie haben nach Art. 17 DSGVO das Recht, die unverz\u00fcgliche L\u00f6schung Ihrer personenbezogenen Daten bei uns zu verlangen, soweit die weitere Verarbeitung nicht aus einem der nachfolgenden Gr\u00fcnde erforderlich ist:<\/p>\n\n\n\n<ul class=\"wp-block-list\">\n<li>die personenbezogenen Daten sind f\u00fcr die Zwecke, f\u00fcr die sie erhoben oder auf sonstige Weise verarbeitet wurden, noch notwendig<\/li>\n\n\n\n<li>zur Aus\u00fcbung des Rechts auf freie Meinungs\u00e4u\u00dferung und Information<\/li>\n\n\n\n<li>zur Erf\u00fcllung einer rechtlichen Verpflichtung, die die Verarbeitung nach dem Recht der Europ\u00e4ischen Union oder der Mitgliedstaaten, dem der Verantwortliche unterliegt, erfordert, oder zur Wahrnehmung einer Aufgabe, die im \u00f6ffentlichen Interesse liegt oder in Aus\u00fcbung \u00f6ffentlicher Gewalt erfolgt, die dem Verantwortlichen \u00fcbertragen wurde<\/li>\n\n\n\n<li>aus Gr\u00fcnden des \u00f6ffentlichen Interesses im Bereich der \u00f6ffentlichen Gesundheit gem\u00e4\u00df Art. 9 Abs. 2 lit. h und i sowie Art. 9 Abs. 3 DSGVO<\/li>\n\n\n\n<li>f\u00fcr im \u00f6ffentlichen Interesse liegende Archivzwecke, wissenschaftliche oder historische Forschungszwecke oder f\u00fcr statistische Zwecke gem. Art. 89 Abs. 1 DSGVO, soweit das unter Abschnitt a) genannte Recht voraussichtlich die Verwirklichung der Ziele dieser Verarbeitung unm\u00f6glich macht oder ernsthaft beeintr\u00e4chtigt<\/li>\n\n\n\n<li>zur Geltendmachung, Aus\u00fcbung oder Verteidigung von Rechtsanspr\u00fcchen<\/li>\n<\/ul>\n\n\n\n<h4 class=\"wp-block-heading\" id=\"d-einschrankung-der-verarbeitung\">d) Einschr\u00e4nkung der Verarbeitung<\/h4>\n\n\n\n<p>Sie k\u00f6nnen gem\u00e4\u00df Art. 18 DSGVO die Einschr\u00e4nkung der Verarbeitung Ihrer personenbezogenen Daten aus einem der nachfolgenden Gr\u00fcnde verlangen:<\/p>\n\n\n\n<ul class=\"wp-block-list\">\n<li>Sie bestreiten die Richtigkeit Ihrer personenbezogenen Daten.<\/li>\n\n\n\n<li>Die Verarbeitung ist unrechtm\u00e4\u00dfig und Sie lehnen die L\u00f6schung der personenbezogenen Daten ab.<\/li>\n\n\n\n<li>Wir ben\u00f6tigen die personenbezogenen Daten f\u00fcr die Zwecke der Verarbeitung nicht l\u00e4nger, Sie ben\u00f6tigen diese jedoch zur Geltendmachung, Aus\u00fcbung oder Verteidigung von Rechtsanspr\u00fcchen.<\/li>\n\n\n\n<li>Sie legen Widerspruch gegen die Verarbeitung gem\u00e4\u00df Art.&nbsp;21 Abs.&nbsp;1 DSGVO ein.<\/li>\n<\/ul>\n\n\n\n<h4 class=\"wp-block-heading\" id=\"e-unterrichtung\">e) Unterrichtung<\/h4>\n\n\n\n<p>Wenn Sie die Berichtigung oder L\u00f6schung Ihrer personenbezogenen Daten oder eine Einschr\u00e4nkung der Verarbeitung nach Art. 16, Art. 17 Abs. 1 und Art. 18 DSGVO verlangt haben, teilen wir dies allen Empf\u00e4ngern, denen Ihre personenbezogenen Daten offengelegt wurden, mit, es sei denn, dies erweist sich als unm\u00f6glich oder ist mit einem unverh\u00e4ltnism\u00e4\u00dfigen Aufwand verbunden. Sie k\u00f6nnen von uns verlangen, dass wir Ihnen diese Empf\u00e4nger mitteilen.<\/p>\n\n\n\n<h4 class=\"wp-block-heading\" id=\"f-ubermittlung\">f) \u00dcbermittlung<\/h4>\n\n\n\n<p>Sie haben das Recht, Ihre personenbezogenen Daten, die Sie uns bereitgestellt haben, in einem strukturierten, g\u00e4ngigen und maschinenlesbaren Format zu erhalten.<\/p>\n\n\n\n<p>Sie haben ebenfalls das Recht, die \u00dcbermittlung dieser Daten an einen Dritten zu verlangen, sofern die Verarbeitung mithilfe automatisierter Verfahren erfolgte und auf einer Einwilligung gem\u00e4\u00df Art. 6 Abs. 1 S. 1 lit. a oder Art. 9 Abs. 2 lit. a oder auf einem Vertrag gem\u00e4\u00df Art. 6 Abs. 1 S. 1 lit. b DSGVO beruht.<\/p>\n\n\n\n<h4 class=\"wp-block-heading\" id=\"g-widerruf\">g) Widerruf<\/h4>\n\n\n\n<p>Sie haben gem\u00e4\u00df Art. 7 Abs. 3 DSGVO das Recht, ihre erteilte Einwilligung jederzeit uns gegen\u00fcber zu widerrufen. Durch den Widerruf der Einwilligung wird die Rechtm\u00e4\u00dfigkeit der aufgrund der Einwilligung bis zum Widerruf erfolgten Verarbeitung nicht ber\u00fchrt. Zuk\u00fcnftig d\u00fcrfen wir die Datenverarbeitung, die auf Ihrer widerrufenen Einwilligung beruhte nicht mehr fortf\u00fchren.<\/p>\n\n\n\n<h4 class=\"wp-block-heading\" id=\"h-beschwerde\">h) Beschwerde<\/h4>\n\n\n\n<p>Sie haben gem\u00e4\u00df Art. 77 DSGVO das Recht, sich bei einer Aufsichtsbeh\u00f6rde zu beschweren, wenn Sie der Ansicht sind, dass die Verarbeitung Ihrer personenbezogenen Daten gegen die DSGVO verst\u00f6\u00dft.<\/p>\n\n\n\n<h4 class=\"wp-block-heading\" id=\"i-widerspruch\">i) Widerspruch<\/h4>\n\n\n\n<p>Sofern Ihre personenbezogenen Daten auf Grundlage von berechtigten Interessen gem\u00e4\u00df Art. 6 Abs. 1 S. 1 lit. f DSGVO verarbeitet werden, haben Sie das Recht, gem\u00e4\u00df Art. 21 DSGVO Widerspruch gegen die Verarbeitung Ihrer personenbezogenen Daten einzulegen, soweit daf\u00fcr Gr\u00fcnde vorliegen, die sich aus Ihrer besonderen Situation ergeben oder sich der Widerspruch gegen Direktwerbung richtet. Im letzteren Fall haben Sie ein generelles Widerspruchsrecht, das ohne Angabe der besonderen Situation von uns umgesetzt wird. M\u00f6chten Sie von Ihrem Widerrufs- oder Widerspruchsrecht Gebrauch machen, gen\u00fcgt eine E-Mail an&nbsp;<a href=\"mailto:info@re-shirt.com\">info@re-shirt.com<\/a>.<\/p>\n\n\n\n<h4 class=\"wp-block-heading\" id=\"j-automatisierte-entscheidung-im-einzelfall-einschliesslich-profiling\">j) Automatisierte Entscheidung im Einzelfall einschlie\u00dflich Profiling<\/h4>\n\n\n\n<p>Sie haben das Recht, nicht einer ausschlie\u00dflich auf einer automatisierten Verarbeitung \u2013 einschlie\u00dflich Profiling \u2013 beruhenden Entscheidung unterworfen zu werden, die Ihnen gegen\u00fcber rechtliche Wirkung entfaltet oder Sie in \u00e4hnlicher Weise erheblich beeintr\u00e4chtigt. Dies gilt nicht, wenn die Entscheidung<\/p>\n\n\n\n<ol class=\"wp-block-list\">\n<li>f\u00fcr den Abschluss oder die Erf\u00fcllung eines Vertrags zwischen Ihnen und uns erforderlich ist<\/li>\n\n\n\n<li>aufgrund von Rechtsvorschriften der Europ\u00e4ischen Union oder der Mitgliedstaaten, denen wir unterliegen, zul\u00e4ssig ist und diese Rechtsvorschriften angemessene Ma\u00dfnahmen zur Wahrung Ihrer Rechte und Freiheiten sowie Ihrer berechtigten Interessen enthalten<\/li>\n\n\n\n<li>mit Ihrer ausdr\u00fccklichen Einwilligung erfolgt<\/li>\n<\/ol>\n\n\n\n<p>Allerdings d\u00fcrfen diese Entscheidungen nicht auf besonderen Kategorien personenbezogener Daten nach Art. 9 Abs. 1 DSGVO beruhen, sofern nicht Art. 9 Abs. 2 lit. a oder g DSGVO gilt und angemessene Ma\u00dfnahmen zum Schutz der Rechte und Freiheiten sowie Ihrer berechtigten Interessen getroffen wurden.<\/p>\n\n\n\n<p id=\"yui_3_17_2_1_1613575339032_517\">Hinsichtlich der in 1) und 3) genannten F\u00e4lle treffen wir angemessene Ma\u00dfnahmen, um die Rechte und Freiheiten sowie Ihre berechtigten Interessen zu wahren, wozu mindestens das Recht auf Erwirkung des Eingreifens einer Person von unserer Seite, auf Darlegung des eigenen Standpunkts und auf Anfechtung der Entscheidung geh\u00f6rt.<\/p>\n\n\n\n<h4 class=\"wp-block-heading\" id=\"13-anderung-der-datenschutzerklarung\">13. \u00c4nderung der Datenschutzerkl\u00e4rung<\/h4>\n\n\n\n<p>Sollten wir die Datenschutzerkl\u00e4rung \u00e4ndern, dann wird dies auf der Webseite kenntlich gemacht und die registrierten Kunden werden per E-Mail dar\u00fcber informiert.<\/p>\n\n\n\n<p>Stand 03.02.2022<\/p>\n","protected":false},"excerpt":{"rendered":"<p>Our Privacy policy is only available in German right now. Please get in touch with us through info@re-shirt.com if we can help you with further, or english information. Wir f\u00fchren unsere Webseiten nach den im Folgenden geregelten Grunds\u00e4tzen: Wir verpflichten uns, die gesetzlichen Bestimmungen zum Datenschutz einzuhalten und bem\u00fchen uns, stets die Grunds\u00e4tze der Datenvermeidung&hellip;&nbsp;<a href=\"https:\/\/re-shirt.com\/en\/privacy-policy\/\" rel=\"bookmark\">Read More &raquo;<span class=\"screen-reader-text\">Privacy Policy<\/span><\/a><\/p>\n","protected":false},"author":1,"featured_media":0,"parent":0,"menu_order":0,"comment_status":"closed","ping_status":"closed","template":"","meta":{"_coblocks_attr":"","_coblocks_dimensions":"","_coblocks_responsive_height":"","_coblocks_accordion_ie_support":"","neve_meta_sidebar":"","neve_meta_container":"","neve_meta_enable_content_width":"","neve_meta_content_width":0,"neve_meta_title_alignment":"","neve_meta_author_avatar":"","neve_post_elements_order":"","neve_meta_disable_header":"","neve_meta_disable_footer":"","neve_meta_disable_title":"","footnotes":""},"class_list":["post-2729","page","type-page","status-publish","hentry"],"_links":{"self":[{"href":"https:\/\/re-shirt.com\/en\/wp-json\/wp\/v2\/pages\/2729","targetHints":{"allow":["GET"]}}],"collection":[{"href":"https:\/\/re-shirt.com\/en\/wp-json\/wp\/v2\/pages"}],"about":[{"href":"https:\/\/re-shirt.com\/en\/wp-json\/wp\/v2\/types\/page"}],"author":[{"embeddable":true,"href":"https:\/\/re-shirt.com\/en\/wp-json\/wp\/v2\/users\/1"}],"replies":[{"embeddable":true,"href":"https:\/\/re-shirt.com\/en\/wp-json\/wp\/v2\/comments?post=2729"}],"version-history":[{"count":3,"href":"https:\/\/re-shirt.com\/en\/wp-json\/wp\/v2\/pages\/2729\/revisions"}],"predecessor-version":[{"id":3868,"href":"https:\/\/re-shirt.com\/en\/wp-json\/wp\/v2\/pages\/2729\/revisions\/3868"}],"wp:attachment":[{"href":"https:\/\/re-shirt.com\/en\/wp-json\/wp\/v2\/media?parent=2729"}],"curies":[{"name":"wp","href":"https:\/\/api.w.org\/{rel}","templated":true}]}}